{"id":5,"date":"2019-06-25T14:34:14","date_gmt":"2019-06-25T12:34:14","guid":{"rendered":"https:\/\/isatis.asso.fr\/portes-du-sud\/?page_id=5"},"modified":"2025-01-20T14:48:17","modified_gmt":"2025-01-20T13:48:17","slug":"description","status":"publish","type":"page","link":"https:\/\/isatis.asso.fr\/les-portes-du-sud\/ehpad\/description\/","title":{"rendered":"Description"},"content":{"rendered":"\n<h2 class=\"wp-block-heading\">Le lieu de vie <\/h2>\n\n\n\n<div class=\"wp-block-columns is-layout-flex wp-container-core-columns-is-layout-9d6595d7 wp-block-columns-is-layout-flex\">\n<div class=\"wp-block-column is-layout-flow wp-block-column-is-layout-flow\" style=\"flex-basis:66.66%\">\n<figure class=\"wp-block-image size-large\"><img loading=\"lazy\" decoding=\"async\" width=\"1024\" height=\"768\" src=\"https:\/\/isatis.asso.fr\/les-portes-du-sud\/wp-content\/uploads\/sites\/23\/2025\/01\/20250117-110040-1024x768.jpg\" alt=\"\" class=\"wp-image-705\" srcset=\"https:\/\/isatis.asso.fr\/les-portes-du-sud\/wp-content\/uploads\/sites\/23\/2025\/01\/20250117-110040-1024x768.jpg 1024w, https:\/\/isatis.asso.fr\/les-portes-du-sud\/wp-content\/uploads\/sites\/23\/2025\/01\/20250117-110040-300x225.jpg 300w, https:\/\/isatis.asso.fr\/les-portes-du-sud\/wp-content\/uploads\/sites\/23\/2025\/01\/20250117-110040-768x576.jpg 768w, https:\/\/isatis.asso.fr\/les-portes-du-sud\/wp-content\/uploads\/sites\/23\/2025\/01\/20250117-110040-1536x1152.jpg 1536w, https:\/\/isatis.asso.fr\/les-portes-du-sud\/wp-content\/uploads\/sites\/23\/2025\/01\/20250117-110040-2048x1536.jpg 2048w, https:\/\/isatis.asso.fr\/les-portes-du-sud\/wp-content\/uploads\/sites\/23\/2025\/01\/20250117-110040-1333x1000.jpg 1333w\" sizes=\"auto, (max-width: 1024px) 100vw, 1024px\" \/><\/figure>\n<\/div>\n\n\n\n<div class=\"wp-block-column is-layout-flow wp-block-column-is-layout-flow\" style=\"flex-basis:33.33%\">\n<p>L\u2019accueil de jour b\u00e9n\u00e9ficie de locaux clairs, spacieux, adapt\u00e9s et de plein pied, d\u2019environ 370 m<sup>2<\/sup>. D\u2019une capacit\u00e9 de 25 places par jour, l\u2019accueil de jour est ouvert du lundi au vendredi, de 10h \u00e0 16h30. <\/p>\n<\/div>\n<\/div>\n\n\n\n<h2 class=\"wp-block-heading\">L\u2019accompagnement<\/h2>\n\n\n\n<div class=\"wp-block-columns is-layout-flex wp-container-core-columns-is-layout-9d6595d7 wp-block-columns-is-layout-flex\">\n<div class=\"wp-block-column is-layout-flow wp-block-column-is-layout-flow\" style=\"flex-basis:66.66%\">\n<figure class=\"wp-block-image size-large\"><img loading=\"lazy\" decoding=\"async\" width=\"1024\" height=\"768\" src=\"https:\/\/isatis.asso.fr\/les-portes-du-sud\/wp-content\/uploads\/sites\/23\/2024\/02\/dsc01174-1024x768.jpg\" alt=\"\" class=\"wp-image-466\" srcset=\"https:\/\/isatis.asso.fr\/les-portes-du-sud\/wp-content\/uploads\/sites\/23\/2024\/02\/dsc01174-1024x768.jpg 1024w, https:\/\/isatis.asso.fr\/les-portes-du-sud\/wp-content\/uploads\/sites\/23\/2024\/02\/dsc01174-300x225.jpg 300w, https:\/\/isatis.asso.fr\/les-portes-du-sud\/wp-content\/uploads\/sites\/23\/2024\/02\/dsc01174-768x576.jpg 768w, https:\/\/isatis.asso.fr\/les-portes-du-sud\/wp-content\/uploads\/sites\/23\/2024\/02\/dsc01174-1536x1152.jpg 1536w, https:\/\/isatis.asso.fr\/les-portes-du-sud\/wp-content\/uploads\/sites\/23\/2024\/02\/dsc01174-2048x1536.jpg 2048w, https:\/\/isatis.asso.fr\/les-portes-du-sud\/wp-content\/uploads\/sites\/23\/2024\/02\/dsc01174-1333x1000.jpg 1333w\" sizes=\"auto, (max-width: 1024px) 100vw, 1024px\" \/><\/figure>\n<\/div>\n\n\n\n<div class=\"wp-block-column is-layout-flow wp-block-column-is-layout-flow\" style=\"flex-basis:33.33%\">\n<p>Diff\u00e9rents temps rythmeront votre journ\u00e9e autour d\u2019activit\u00e9s favorisant la resocialisation, la stimulation intellectuelle, motrice et sensorielle, mais aussi le bien-\u00eatre.<\/p>\n\n\n\n<p>Quelques exemples : ateliers m\u00e9moire, r\u00e9miniscence, gym douce, danse, pr\u00e9vention des chutes, relaxation-d\u00e9tente, esth\u00e9tique, discussion, revue de presse, groupe de parole, promenades et sorties, activit\u00e9s de la vie quotidienne\/domestiques (cuisine, dressage de la table, etc.), chant, peinture, Tai-chi, peinture, arth\u00e9rapie.<\/p>\n<\/div>\n<\/div>\n\n\n\n<h2 class=\"wp-block-heading\">L\u2019\u00e9quipe pluridisciplinaire <\/h2>\n\n\n\n<div class=\"wp-block-columns is-layout-flex wp-container-core-columns-is-layout-9d6595d7 wp-block-columns-is-layout-flex\">\n<div class=\"wp-block-column is-layout-flow wp-block-column-is-layout-flow\" style=\"flex-basis:66.66%\">\n<figure class=\"wp-block-image size-full\"><img loading=\"lazy\" decoding=\"async\" width=\"1024\" height=\"768\" src=\"https:\/\/isatis.asso.fr\/les-portes-du-sud\/wp-content\/uploads\/sites\/23\/2024\/01\/photo-equipe.jpg\" alt=\"\" class=\"wp-image-441\" srcset=\"https:\/\/isatis.asso.fr\/les-portes-du-sud\/wp-content\/uploads\/sites\/23\/2024\/01\/photo-equipe.jpg 1024w, https:\/\/isatis.asso.fr\/les-portes-du-sud\/wp-content\/uploads\/sites\/23\/2024\/01\/photo-equipe-300x225.jpg 300w, https:\/\/isatis.asso.fr\/les-portes-du-sud\/wp-content\/uploads\/sites\/23\/2024\/01\/photo-equipe-768x576.jpg 768w\" sizes=\"auto, (max-width: 1024px) 100vw, 1024px\" \/><\/figure>\n<\/div>\n\n\n\n<div class=\"wp-block-column is-layout-flow wp-block-column-is-layout-flow\" style=\"flex-basis:33.33%\">\n<p>Coordonn\u00e9e par une psychologue avec l\u2019appui d\u2019un m\u00e9decin r\u00e9f\u00e9rent charg\u00e9 notamment de la formation continue, l\u2019\u00e9quipe soignante propose un programme d\u2019activit\u00e9s de stimulation et assure un suivi attentif de la sant\u00e9 et des besoins de bien \u00eatre de chacun. Cette \u00e9quipe compos\u00e9e d\u2019une psychologue, d&rsquo;un ergoth\u00e9rapeute, d&rsquo;une psychomotricienne, d&rsquo;une aide-soignante et d&rsquo;aides m\u00e9dico-psychologique, travaille en \u00e9troite collaboration avec des intervenants ext\u00e9rieurs r\u00e9guliers, artistes (peintre, musicien), art-th\u00e9rapeute et professeur de Tai-chi. <\/p>\n<\/div>\n<\/div>\n\n\n<h2>L\u2019aide aux aidants<\/h2>\n<p>Une \u00e9coute et un soutien adapt\u00e9 \u00e0 chaque situation sont propos\u00e9s aux proches aidants : un soutien individuel par la psychologue (\u00e0 la demande sur rendez-vous), des r\u00e9unions de famille pour mieux se conna\u00eetre (2 fois par an), des matin\u00e9es conviviales pour vous et votre proche : ateliers tai-chi\/relaxation et atelier chant (2 samedis par mois de 11h45 \u00e0 13h15).<\/p>","protected":false},"excerpt":{"rendered":"<p>Le lieu de vie L\u2019accueil de jour b\u00e9n\u00e9ficie de locaux clairs, spacieux, adapt\u00e9s et de plein pied, d\u2019environ 370 m2. D\u2019une capacit\u00e9 de 25 places par jour, l\u2019accueil de jour est ouvert du lundi au vendredi, de 10h \u00e0 16h30. L\u2019accompagnement Diff\u00e9rents temps rythmeront votre journ\u00e9e autour d\u2019activit\u00e9s favorisant la resocialisation, la stimulation intellectuelle, motrice [&hellip;]<\/p>\n","protected":false},"author":1,"featured_media":0,"parent":2,"menu_order":2,"comment_status":"closed","ping_status":"closed","template":"","meta":{"_acf_changed":false,"footnotes":""},"class_list":["post-5","page","type-page","status-publish","hentry"],"acf":[],"yoast_head":"<!-- This site is optimized with the Yoast SEO plugin v27.3 - https:\/\/yoast.com\/product\/yoast-seo-wordpress\/ -->\n<title>Description - Les Portes du Sud<\/title>\n<meta name=\"robots\" content=\"index, follow, max-snippet:-1, max-image-preview:large, max-video-preview:-1\" \/>\n<link rel=\"canonical\" href=\"https:\/\/isatis.asso.fr\/les-portes-du-sud\/ehpad\/description\/\" \/>\n<meta property=\"og:locale\" content=\"fr_FR\" \/>\n<meta property=\"og:type\" content=\"article\" \/>\n<meta property=\"og:title\" content=\"Description - Les Portes du Sud\" \/>\n<meta property=\"og:description\" content=\"Le lieu de vie L\u2019accueil de jour b\u00e9n\u00e9ficie de locaux clairs, spacieux, adapt\u00e9s et de plein pied, d\u2019environ 370 m2. D\u2019une capacit\u00e9 de 25 places par jour, l\u2019accueil de jour est ouvert du lundi au vendredi, de 10h \u00e0 16h30. L\u2019accompagnement Diff\u00e9rents temps rythmeront votre journ\u00e9e autour d\u2019activit\u00e9s favorisant la resocialisation, la stimulation intellectuelle, motrice [&hellip;]\" \/>\n<meta property=\"og:url\" content=\"https:\/\/isatis.asso.fr\/les-portes-du-sud\/ehpad\/description\/\" \/>\n<meta property=\"og:site_name\" content=\"Les Portes du Sud\" \/>\n<meta property=\"article:modified_time\" content=\"2025-01-20T13:48:17+00:00\" \/>\n<meta property=\"og:image\" content=\"https:\/\/isatis.asso.fr\/les-portes-du-sud\/wp-content\/uploads\/sites\/23\/2025\/01\/20250117-110040-1024x768.jpg\" \/>\n<meta name=\"twitter:card\" content=\"summary_large_image\" \/>\n<meta name=\"twitter:label1\" content=\"Dur\u00e9e de lecture estim\u00e9e\" \/>\n\t<meta name=\"twitter:data1\" content=\"2 minutes\" \/>\n<script type=\"application\/ld+json\" class=\"yoast-schema-graph\">{\"@context\":\"https:\\\/\\\/schema.org\",\"@graph\":[{\"@type\":\"WebPage\",\"@id\":\"https:\\\/\\\/isatis.asso.fr\\\/les-portes-du-sud\\\/ehpad\\\/description\\\/\",\"url\":\"https:\\\/\\\/isatis.asso.fr\\\/les-portes-du-sud\\\/ehpad\\\/description\\\/\",\"name\":\"Description - Les Portes du Sud\",\"isPartOf\":{\"@id\":\"https:\\\/\\\/isatis.asso.fr\\\/les-portes-du-sud\\\/#website\"},\"primaryImageOfPage\":{\"@id\":\"https:\\\/\\\/isatis.asso.fr\\\/les-portes-du-sud\\\/ehpad\\\/description\\\/#primaryimage\"},\"image\":{\"@id\":\"https:\\\/\\\/isatis.asso.fr\\\/les-portes-du-sud\\\/ehpad\\\/description\\\/#primaryimage\"},\"thumbnailUrl\":\"https:\\\/\\\/isatis.asso.fr\\\/les-portes-du-sud\\\/wp-content\\\/uploads\\\/sites\\\/23\\\/2025\\\/01\\\/20250117-110040-1024x768.jpg\",\"datePublished\":\"2019-06-25T12:34:14+00:00\",\"dateModified\":\"2025-01-20T13:48:17+00:00\",\"breadcrumb\":{\"@id\":\"https:\\\/\\\/isatis.asso.fr\\\/les-portes-du-sud\\\/ehpad\\\/description\\\/#breadcrumb\"},\"inLanguage\":\"fr-FR\",\"potentialAction\":[{\"@type\":\"ReadAction\",\"target\":[\"https:\\\/\\\/isatis.asso.fr\\\/les-portes-du-sud\\\/ehpad\\\/description\\\/\"]}]},{\"@type\":\"ImageObject\",\"inLanguage\":\"fr-FR\",\"@id\":\"https:\\\/\\\/isatis.asso.fr\\\/les-portes-du-sud\\\/ehpad\\\/description\\\/#primaryimage\",\"url\":\"https:\\\/\\\/isatis.asso.fr\\\/les-portes-du-sud\\\/wp-content\\\/uploads\\\/sites\\\/23\\\/2025\\\/01\\\/20250117-110040-scaled.jpg\",\"contentUrl\":\"https:\\\/\\\/isatis.asso.fr\\\/les-portes-du-sud\\\/wp-content\\\/uploads\\\/sites\\\/23\\\/2025\\\/01\\\/20250117-110040-scaled.jpg\",\"width\":2560,\"height\":1920},{\"@type\":\"BreadcrumbList\",\"@id\":\"https:\\\/\\\/isatis.asso.fr\\\/les-portes-du-sud\\\/ehpad\\\/description\\\/#breadcrumb\",\"itemListElement\":[{\"@type\":\"ListItem\",\"position\":1,\"name\":\"Accueil\",\"item\":\"https:\\\/\\\/isatis.asso.fr\\\/les-portes-du-sud\\\/\"},{\"@type\":\"ListItem\",\"position\":2,\"name\":\"Pr\u00e9sentation\",\"item\":\"https:\\\/\\\/isatis.asso.fr\\\/les-portes-du-sud\\\/\"},{\"@type\":\"ListItem\",\"position\":3,\"name\":\"Description\"}]},{\"@type\":\"WebSite\",\"@id\":\"https:\\\/\\\/isatis.asso.fr\\\/les-portes-du-sud\\\/#website\",\"url\":\"https:\\\/\\\/isatis.asso.fr\\\/les-portes-du-sud\\\/\",\"name\":\"Les Portes du Sud\",\"description\":\"CENTRE D\u2019ACCUEIL DE JOUR\",\"potentialAction\":[{\"@type\":\"SearchAction\",\"target\":{\"@type\":\"EntryPoint\",\"urlTemplate\":\"https:\\\/\\\/isatis.asso.fr\\\/les-portes-du-sud\\\/?s={search_term_string}\"},\"query-input\":{\"@type\":\"PropertyValueSpecification\",\"valueRequired\":true,\"valueName\":\"search_term_string\"}}],\"inLanguage\":\"fr-FR\"}]}<\/script>\n<!-- \/ Yoast SEO plugin. -->","yoast_head_json":{"title":"Description - Les Portes du Sud","robots":{"index":"index","follow":"follow","max-snippet":"max-snippet:-1","max-image-preview":"max-image-preview:large","max-video-preview":"max-video-preview:-1"},"canonical":"https:\/\/isatis.asso.fr\/les-portes-du-sud\/ehpad\/description\/","og_locale":"fr_FR","og_type":"article","og_title":"Description - Les Portes du Sud","og_description":"Le lieu de vie L\u2019accueil de jour b\u00e9n\u00e9ficie de locaux clairs, spacieux, adapt\u00e9s et de plein pied, d\u2019environ 370 m2. D\u2019une capacit\u00e9 de 25 places par jour, l\u2019accueil de jour est ouvert du lundi au vendredi, de 10h \u00e0 16h30. L\u2019accompagnement Diff\u00e9rents temps rythmeront votre journ\u00e9e autour d\u2019activit\u00e9s favorisant la resocialisation, la stimulation intellectuelle, motrice [&hellip;]","og_url":"https:\/\/isatis.asso.fr\/les-portes-du-sud\/ehpad\/description\/","og_site_name":"Les Portes du Sud","article_modified_time":"2025-01-20T13:48:17+00:00","og_image":[{"url":"https:\/\/isatis.asso.fr\/les-portes-du-sud\/wp-content\/uploads\/sites\/23\/2025\/01\/20250117-110040-1024x768.jpg","type":"","width":"","height":""}],"twitter_card":"summary_large_image","twitter_misc":{"Dur\u00e9e de lecture estim\u00e9e":"2 minutes"},"schema":{"@context":"https:\/\/schema.org","@graph":[{"@type":"WebPage","@id":"https:\/\/isatis.asso.fr\/les-portes-du-sud\/ehpad\/description\/","url":"https:\/\/isatis.asso.fr\/les-portes-du-sud\/ehpad\/description\/","name":"Description - Les Portes du Sud","isPartOf":{"@id":"https:\/\/isatis.asso.fr\/les-portes-du-sud\/#website"},"primaryImageOfPage":{"@id":"https:\/\/isatis.asso.fr\/les-portes-du-sud\/ehpad\/description\/#primaryimage"},"image":{"@id":"https:\/\/isatis.asso.fr\/les-portes-du-sud\/ehpad\/description\/#primaryimage"},"thumbnailUrl":"https:\/\/isatis.asso.fr\/les-portes-du-sud\/wp-content\/uploads\/sites\/23\/2025\/01\/20250117-110040-1024x768.jpg","datePublished":"2019-06-25T12:34:14+00:00","dateModified":"2025-01-20T13:48:17+00:00","breadcrumb":{"@id":"https:\/\/isatis.asso.fr\/les-portes-du-sud\/ehpad\/description\/#breadcrumb"},"inLanguage":"fr-FR","potentialAction":[{"@type":"ReadAction","target":["https:\/\/isatis.asso.fr\/les-portes-du-sud\/ehpad\/description\/"]}]},{"@type":"ImageObject","inLanguage":"fr-FR","@id":"https:\/\/isatis.asso.fr\/les-portes-du-sud\/ehpad\/description\/#primaryimage","url":"https:\/\/isatis.asso.fr\/les-portes-du-sud\/wp-content\/uploads\/sites\/23\/2025\/01\/20250117-110040-scaled.jpg","contentUrl":"https:\/\/isatis.asso.fr\/les-portes-du-sud\/wp-content\/uploads\/sites\/23\/2025\/01\/20250117-110040-scaled.jpg","width":2560,"height":1920},{"@type":"BreadcrumbList","@id":"https:\/\/isatis.asso.fr\/les-portes-du-sud\/ehpad\/description\/#breadcrumb","itemListElement":[{"@type":"ListItem","position":1,"name":"Accueil","item":"https:\/\/isatis.asso.fr\/les-portes-du-sud\/"},{"@type":"ListItem","position":2,"name":"Pr\u00e9sentation","item":"https:\/\/isatis.asso.fr\/les-portes-du-sud\/"},{"@type":"ListItem","position":3,"name":"Description"}]},{"@type":"WebSite","@id":"https:\/\/isatis.asso.fr\/les-portes-du-sud\/#website","url":"https:\/\/isatis.asso.fr\/les-portes-du-sud\/","name":"Les Portes du Sud","description":"CENTRE D\u2019ACCUEIL DE JOUR","potentialAction":[{"@type":"SearchAction","target":{"@type":"EntryPoint","urlTemplate":"https:\/\/isatis.asso.fr\/les-portes-du-sud\/?s={search_term_string}"},"query-input":{"@type":"PropertyValueSpecification","valueRequired":true,"valueName":"search_term_string"}}],"inLanguage":"fr-FR"}]}},"_links":{"self":[{"href":"https:\/\/isatis.asso.fr\/les-portes-du-sud\/wp-json\/wp\/v2\/pages\/5","targetHints":{"allow":["GET"]}}],"collection":[{"href":"https:\/\/isatis.asso.fr\/les-portes-du-sud\/wp-json\/wp\/v2\/pages"}],"about":[{"href":"https:\/\/isatis.asso.fr\/les-portes-du-sud\/wp-json\/wp\/v2\/types\/page"}],"author":[{"embeddable":true,"href":"https:\/\/isatis.asso.fr\/les-portes-du-sud\/wp-json\/wp\/v2\/users\/1"}],"replies":[{"embeddable":true,"href":"https:\/\/isatis.asso.fr\/les-portes-du-sud\/wp-json\/wp\/v2\/comments?post=5"}],"version-history":[{"count":15,"href":"https:\/\/isatis.asso.fr\/les-portes-du-sud\/wp-json\/wp\/v2\/pages\/5\/revisions"}],"predecessor-version":[{"id":706,"href":"https:\/\/isatis.asso.fr\/les-portes-du-sud\/wp-json\/wp\/v2\/pages\/5\/revisions\/706"}],"up":[{"embeddable":true,"href":"https:\/\/isatis.asso.fr\/les-portes-du-sud\/wp-json\/wp\/v2\/pages\/2"}],"wp:attachment":[{"href":"https:\/\/isatis.asso.fr\/les-portes-du-sud\/wp-json\/wp\/v2\/media?parent=5"}],"curies":[{"name":"wp","href":"https:\/\/api.w.org\/{rel}","templated":true}]}}