{"id":5,"date":"2019-06-25T14:34:14","date_gmt":"2019-06-25T12:34:14","guid":{"rendered":"https:\/\/isatis.asso.fr\/maison-de-la-touche\/?page_id=5"},"modified":"2020-07-10T15:42:25","modified_gmt":"2020-07-10T13:42:25","slug":"description","status":"publish","type":"page","link":"https:\/\/isatis.asso.fr\/les-maisons-de-la-touche\/ehpad\/description\/","title":{"rendered":"Description"},"content":{"rendered":"\n<h2 class=\"wp-block-heading\">Le lieu de vie <\/h2>\n\n\n\n<div class=\"wp-block-columns is-layout-flex wp-container-core-columns-is-layout-9d6595d7 wp-block-columns-is-layout-flex\">\n<div class=\"wp-block-column is-layout-flow wp-block-column-is-layout-flow\" style=\"flex-basis:66.66%\">\n<figure class=\"wp-block-image size-large\"><img loading=\"lazy\" decoding=\"async\" width=\"1024\" height=\"767\" src=\"https:\/\/isatis.asso.fr\/les-maisons-de-la-touche\/wp-content\/uploads\/sites\/22\/2019\/10\/la-touche-lieu-1024x767.jpg\" alt=\"\" class=\"wp-image-85\" srcset=\"https:\/\/isatis.asso.fr\/les-maisons-de-la-touche\/wp-content\/uploads\/sites\/22\/2019\/10\/la-touche-lieu-1024x767.jpg 1024w, https:\/\/isatis.asso.fr\/les-maisons-de-la-touche\/wp-content\/uploads\/sites\/22\/2019\/10\/la-touche-lieu-300x225.jpg 300w, https:\/\/isatis.asso.fr\/les-maisons-de-la-touche\/wp-content\/uploads\/sites\/22\/2019\/10\/la-touche-lieu-768x575.jpg 768w, https:\/\/isatis.asso.fr\/les-maisons-de-la-touche\/wp-content\/uploads\/sites\/22\/2019\/10\/la-touche-lieu-1335x1000.jpg 1335w, https:\/\/isatis.asso.fr\/les-maisons-de-la-touche\/wp-content\/uploads\/sites\/22\/2019\/10\/la-touche-lieu.jpg 1500w\" sizes=\"auto, (max-width: 1024px) 100vw, 1024px\" \/><\/figure>\n<\/div>\n\n\n\n<div class=\"wp-block-column is-layout-flow wp-block-column-is-layout-flow\" style=\"flex-basis:33.33%\">\n<p>L\u2019\u00e9tablissement s\u2019articule autour de trois \u00e9tages o\u00f9 les chambres individuelles et personnalisables, sont toutes \u00e9quip\u00e9es d\u2019une salle de bain et de mobilier assorti. Trois espaces sont d\u00e9di\u00e9s \u00e0 l\u2019accueil des couples.<\/p>\n\n\n\n<p>De nombreux espaces de vie caract\u00e9risent l\u2019\u00e9tablissement : salons, salle de restauration particuli\u00e8re, salon de coiffure, oratoire. L\u2019\u00e9tablissement dispose \u00e9galement de plusieurs terrasses aux \u00e9tages et d\u2019un jardin clos librement accessible.<\/p>\n<\/div>\n<\/div>\n\n\n\n<h2 class=\"wp-block-heading\">L\u2019accompagnement<\/h2>\n\n\n\n<div class=\"wp-block-columns is-layout-flex wp-container-core-columns-is-layout-9d6595d7 wp-block-columns-is-layout-flex\">\n<div class=\"wp-block-column is-layout-flow wp-block-column-is-layout-flow\" style=\"flex-basis:66.66%\">\n<figure class=\"wp-block-image size-large\"><img loading=\"lazy\" decoding=\"async\" width=\"1024\" height=\"683\" src=\"https:\/\/isatis.asso.fr\/les-maisons-de-la-touche\/wp-content\/uploads\/sites\/22\/2019\/11\/61eceff01fbbfe42e50aae73a4858bcdb4f4eed4-1024x683.jpg\" alt=\"\" class=\"wp-image-113\" srcset=\"https:\/\/isatis.asso.fr\/les-maisons-de-la-touche\/wp-content\/uploads\/sites\/22\/2019\/11\/61eceff01fbbfe42e50aae73a4858bcdb4f4eed4-1024x683.jpg 1024w, https:\/\/isatis.asso.fr\/les-maisons-de-la-touche\/wp-content\/uploads\/sites\/22\/2019\/11\/61eceff01fbbfe42e50aae73a4858bcdb4f4eed4-300x200.jpg 300w, https:\/\/isatis.asso.fr\/les-maisons-de-la-touche\/wp-content\/uploads\/sites\/22\/2019\/11\/61eceff01fbbfe42e50aae73a4858bcdb4f4eed4-768x512.jpg 768w, https:\/\/isatis.asso.fr\/les-maisons-de-la-touche\/wp-content\/uploads\/sites\/22\/2019\/11\/61eceff01fbbfe42e50aae73a4858bcdb4f4eed4-270x180.jpg 270w, https:\/\/isatis.asso.fr\/les-maisons-de-la-touche\/wp-content\/uploads\/sites\/22\/2019\/11\/61eceff01fbbfe42e50aae73a4858bcdb4f4eed4.jpg 1200w\" sizes=\"auto, (max-width: 1024px) 100vw, 1024px\" \/><\/figure>\n<\/div>\n\n\n\n<div class=\"wp-block-column is-layout-flow wp-block-column-is-layout-flow\" style=\"flex-basis:33.33%\">\n<p>L\u2019\u00e9tablissement est attentif aux particularit\u00e9s de ses r\u00e9sidents, aux diff\u00e9rences dans le grand \u00e2ge&nbsp;: les projets de vie individuels sont \u00e9labor\u00e9s dans le respect des sp\u00e9cificit\u00e9s de chacun. <\/p>\n<\/div>\n<\/div>\n\n\n\n<h2 class=\"wp-block-heading\">Les soins<\/h2>\n\n\n\n<div class=\"wp-block-columns is-layout-flex wp-container-core-columns-is-layout-9d6595d7 wp-block-columns-is-layout-flex\">\n<div class=\"wp-block-column is-layout-flow wp-block-column-is-layout-flow\" style=\"flex-basis:66.66%\">\n<figure class=\"wp-block-image size-large\"><img loading=\"lazy\" decoding=\"async\" width=\"1024\" height=\"683\" src=\"https:\/\/isatis.asso.fr\/les-maisons-de-la-touche\/wp-content\/uploads\/sites\/22\/2019\/10\/la-touche-soins-1024x683.jpg\" alt=\"\" class=\"wp-image-79\" srcset=\"https:\/\/isatis.asso.fr\/les-maisons-de-la-touche\/wp-content\/uploads\/sites\/22\/2019\/10\/la-touche-soins-1024x683.jpg 1024w, https:\/\/isatis.asso.fr\/les-maisons-de-la-touche\/wp-content\/uploads\/sites\/22\/2019\/10\/la-touche-soins-300x200.jpg 300w, https:\/\/isatis.asso.fr\/les-maisons-de-la-touche\/wp-content\/uploads\/sites\/22\/2019\/10\/la-touche-soins-768x512.jpg 768w, https:\/\/isatis.asso.fr\/les-maisons-de-la-touche\/wp-content\/uploads\/sites\/22\/2019\/10\/la-touche-soins-270x180.jpg 270w, https:\/\/isatis.asso.fr\/les-maisons-de-la-touche\/wp-content\/uploads\/sites\/22\/2019\/10\/la-touche-soins.jpg 1500w\" sizes=\"auto, (max-width: 1024px) 100vw, 1024px\" \/><\/figure>\n<\/div>\n\n\n\n<div class=\"wp-block-column is-layout-flow wp-block-column-is-layout-flow\" style=\"flex-basis:33.33%\">\n<p>Encadr\u00e9e par le m\u00e9decin coordonnateur et l\u2019infirmi\u00e8re cadre, l\u2019\u00e9quipe soignante se tient \u00e0 disposition des r\u00e9sidents pour les accompagner chaque jour dans les gestes du quotidien et prodiguer les soins n\u00e9cessaires \u00e0 leur confort et hygi\u00e8ne de vie. <\/p>\n<\/div>\n<\/div>\n\n\n\n<h2 class=\"wp-block-heading\">LE PASA<\/h2>\n\n\n\n<p>Le P\u00f4le d\u2019Activit\u00e9s et de Soins Adapt\u00e9es accueille chaque jour des r\u00e9sidents souffrant de d\u00e9sorientation pour une prise en charge th\u00e9rapeutique afin de pr\u00e9server au maximum leur autonomie et de leur offrir des activit\u00e9s apaisantes, adapt\u00e9es \u00e0 leurs pathologies. <\/p>\n\n\n\n<div style=\"height:50px\" aria-hidden=\"true\" class=\"wp-block-spacer\"><\/div>\n\n\n\n<h2 class=\"wp-block-heading\">L\u2019animation <\/h2>\n\n\n\n<div class=\"wp-block-columns is-layout-flex wp-container-core-columns-is-layout-9d6595d7 wp-block-columns-is-layout-flex\">\n<div class=\"wp-block-column is-layout-flow wp-block-column-is-layout-flow\" style=\"flex-basis:66.66%\">\n<figure class=\"wp-block-image size-large\"><img loading=\"lazy\" decoding=\"async\" width=\"1024\" height=\"768\" src=\"https:\/\/isatis.asso.fr\/les-maisons-de-la-touche\/wp-content\/uploads\/sites\/22\/2019\/10\/la-touche-animation-1024x768.jpg\" alt=\"\" class=\"wp-image-81\" srcset=\"https:\/\/isatis.asso.fr\/les-maisons-de-la-touche\/wp-content\/uploads\/sites\/22\/2019\/10\/la-touche-animation-1024x768.jpg 1024w, https:\/\/isatis.asso.fr\/les-maisons-de-la-touche\/wp-content\/uploads\/sites\/22\/2019\/10\/la-touche-animation-300x225.jpg 300w, https:\/\/isatis.asso.fr\/les-maisons-de-la-touche\/wp-content\/uploads\/sites\/22\/2019\/10\/la-touche-animation-768x576.jpg 768w, https:\/\/isatis.asso.fr\/les-maisons-de-la-touche\/wp-content\/uploads\/sites\/22\/2019\/10\/la-touche-animation-1333x1000.jpg 1333w, https:\/\/isatis.asso.fr\/les-maisons-de-la-touche\/wp-content\/uploads\/sites\/22\/2019\/10\/la-touche-animation.jpg 1500w\" sizes=\"auto, (max-width: 1024px) 100vw, 1024px\" \/><\/figure>\n<\/div>\n\n\n\n<div class=\"wp-block-column is-layout-flow wp-block-column-is-layout-flow\" style=\"flex-basis:33.33%\">\n<p>Quotidiennement, les r\u00e9sidents sont invit\u00e9s \u00e0 partager des animations vari\u00e9es et conviviales dans un espace d\u00e9di\u00e9. De nombreux \u00e9v\u00e9nements ponctuels sont organis\u00e9s afin de divertir les r\u00e9sidents des Maisons de la Touche (rencontres, sorties, etc&#8230;).<\/p>\n<\/div>\n<\/div>\n\n\n\n<p><\/p>\n","protected":false},"excerpt":{"rendered":"<p>Le lieu de vie L\u2019\u00e9tablissement s\u2019articule autour de trois \u00e9tages o\u00f9 les chambres individuelles et personnalisables, sont toutes \u00e9quip\u00e9es d\u2019une salle de bain et de mobilier assorti. Trois espaces sont d\u00e9di\u00e9s \u00e0 l\u2019accueil des couples. De nombreux espaces de vie caract\u00e9risent l\u2019\u00e9tablissement : salons, salle de restauration particuli\u00e8re, salon de coiffure, oratoire. L\u2019\u00e9tablissement dispose \u00e9galement [&hellip;]<\/p>\n","protected":false},"author":1,"featured_media":0,"parent":2,"menu_order":2,"comment_status":"closed","ping_status":"closed","template":"","meta":{"_acf_changed":false,"footnotes":""},"class_list":["post-5","page","type-page","status-publish","hentry"],"acf":[],"yoast_head":"<!-- This site is optimized with the Yoast SEO plugin v27.3 - https:\/\/yoast.com\/product\/yoast-seo-wordpress\/ -->\n<title>Description - Les Maisons de la Touche<\/title>\n<meta name=\"robots\" content=\"index, follow, max-snippet:-1, max-image-preview:large, max-video-preview:-1\" \/>\n<link rel=\"canonical\" href=\"https:\/\/isatis.asso.fr\/les-maisons-de-la-touche\/ehpad\/description\/\" \/>\n<meta property=\"og:locale\" content=\"fr_FR\" \/>\n<meta property=\"og:type\" content=\"article\" \/>\n<meta property=\"og:title\" content=\"Description - Les Maisons de la Touche\" \/>\n<meta property=\"og:description\" content=\"Le lieu de vie L\u2019\u00e9tablissement s\u2019articule autour de trois \u00e9tages o\u00f9 les chambres individuelles et personnalisables, sont toutes \u00e9quip\u00e9es d\u2019une salle de bain et de mobilier assorti. Trois espaces sont d\u00e9di\u00e9s \u00e0 l\u2019accueil des couples. De nombreux espaces de vie caract\u00e9risent l\u2019\u00e9tablissement : salons, salle de restauration particuli\u00e8re, salon de coiffure, oratoire. L\u2019\u00e9tablissement dispose \u00e9galement [&hellip;]\" \/>\n<meta property=\"og:url\" content=\"https:\/\/isatis.asso.fr\/les-maisons-de-la-touche\/ehpad\/description\/\" \/>\n<meta property=\"og:site_name\" content=\"Les Maisons de la Touche\" \/>\n<meta property=\"article:modified_time\" content=\"2020-07-10T13:42:25+00:00\" \/>\n<meta property=\"og:image\" content=\"https:\/\/isatis.asso.fr\/les-maisons-de-la-touche\/wp-content\/uploads\/sites\/22\/2019\/10\/la-touche-lieu-1024x767.jpg\" \/>\n<meta name=\"twitter:card\" content=\"summary_large_image\" \/>\n<meta name=\"twitter:label1\" content=\"Dur\u00e9e de lecture estim\u00e9e\" \/>\n\t<meta name=\"twitter:data1\" content=\"1 minute\" \/>\n<script type=\"application\/ld+json\" class=\"yoast-schema-graph\">{\"@context\":\"https:\\\/\\\/schema.org\",\"@graph\":[{\"@type\":\"WebPage\",\"@id\":\"https:\\\/\\\/isatis.asso.fr\\\/les-maisons-de-la-touche\\\/ehpad\\\/description\\\/\",\"url\":\"https:\\\/\\\/isatis.asso.fr\\\/les-maisons-de-la-touche\\\/ehpad\\\/description\\\/\",\"name\":\"Description - Les Maisons de la Touche\",\"isPartOf\":{\"@id\":\"https:\\\/\\\/isatis.asso.fr\\\/les-maisons-de-la-touche\\\/#website\"},\"primaryImageOfPage\":{\"@id\":\"https:\\\/\\\/isatis.asso.fr\\\/les-maisons-de-la-touche\\\/ehpad\\\/description\\\/#primaryimage\"},\"image\":{\"@id\":\"https:\\\/\\\/isatis.asso.fr\\\/les-maisons-de-la-touche\\\/ehpad\\\/description\\\/#primaryimage\"},\"thumbnailUrl\":\"https:\\\/\\\/isatis.asso.fr\\\/les-maisons-de-la-touche\\\/wp-content\\\/uploads\\\/sites\\\/22\\\/2019\\\/10\\\/la-touche-lieu-1024x767.jpg\",\"datePublished\":\"2019-06-25T12:34:14+00:00\",\"dateModified\":\"2020-07-10T13:42:25+00:00\",\"breadcrumb\":{\"@id\":\"https:\\\/\\\/isatis.asso.fr\\\/les-maisons-de-la-touche\\\/ehpad\\\/description\\\/#breadcrumb\"},\"inLanguage\":\"fr-FR\",\"potentialAction\":[{\"@type\":\"ReadAction\",\"target\":[\"https:\\\/\\\/isatis.asso.fr\\\/les-maisons-de-la-touche\\\/ehpad\\\/description\\\/\"]}]},{\"@type\":\"ImageObject\",\"inLanguage\":\"fr-FR\",\"@id\":\"https:\\\/\\\/isatis.asso.fr\\\/les-maisons-de-la-touche\\\/ehpad\\\/description\\\/#primaryimage\",\"url\":\"https:\\\/\\\/isatis.asso.fr\\\/les-maisons-de-la-touche\\\/wp-content\\\/uploads\\\/sites\\\/22\\\/2019\\\/10\\\/la-touche-lieu.jpg\",\"contentUrl\":\"https:\\\/\\\/isatis.asso.fr\\\/les-maisons-de-la-touche\\\/wp-content\\\/uploads\\\/sites\\\/22\\\/2019\\\/10\\\/la-touche-lieu.jpg\",\"width\":1500,\"height\":1124},{\"@type\":\"BreadcrumbList\",\"@id\":\"https:\\\/\\\/isatis.asso.fr\\\/les-maisons-de-la-touche\\\/ehpad\\\/description\\\/#breadcrumb\",\"itemListElement\":[{\"@type\":\"ListItem\",\"position\":1,\"name\":\"Accueil\",\"item\":\"https:\\\/\\\/isatis.asso.fr\\\/les-maisons-de-la-touche\\\/\"},{\"@type\":\"ListItem\",\"position\":2,\"name\":\"Pr\u00e9sentation\",\"item\":\"https:\\\/\\\/isatis.asso.fr\\\/les-maisons-de-la-touche\\\/\"},{\"@type\":\"ListItem\",\"position\":3,\"name\":\"Description\"}]},{\"@type\":\"WebSite\",\"@id\":\"https:\\\/\\\/isatis.asso.fr\\\/les-maisons-de-la-touche\\\/#website\",\"url\":\"https:\\\/\\\/isatis.asso.fr\\\/les-maisons-de-la-touche\\\/\",\"name\":\"Les Maisons de la Touche\",\"description\":\"EHPAD - H\u00c9BERGEMENT TEMPORAIRE - PASA\",\"potentialAction\":[{\"@type\":\"SearchAction\",\"target\":{\"@type\":\"EntryPoint\",\"urlTemplate\":\"https:\\\/\\\/isatis.asso.fr\\\/les-maisons-de-la-touche\\\/?s={search_term_string}\"},\"query-input\":{\"@type\":\"PropertyValueSpecification\",\"valueRequired\":true,\"valueName\":\"search_term_string\"}}],\"inLanguage\":\"fr-FR\"}]}<\/script>\n<!-- \/ Yoast SEO plugin. -->","yoast_head_json":{"title":"Description - Les Maisons de la Touche","robots":{"index":"index","follow":"follow","max-snippet":"max-snippet:-1","max-image-preview":"max-image-preview:large","max-video-preview":"max-video-preview:-1"},"canonical":"https:\/\/isatis.asso.fr\/les-maisons-de-la-touche\/ehpad\/description\/","og_locale":"fr_FR","og_type":"article","og_title":"Description - Les Maisons de la Touche","og_description":"Le lieu de vie L\u2019\u00e9tablissement s\u2019articule autour de trois \u00e9tages o\u00f9 les chambres individuelles et personnalisables, sont toutes \u00e9quip\u00e9es d\u2019une salle de bain et de mobilier assorti. Trois espaces sont d\u00e9di\u00e9s \u00e0 l\u2019accueil des couples. De nombreux espaces de vie caract\u00e9risent l\u2019\u00e9tablissement : salons, salle de restauration particuli\u00e8re, salon de coiffure, oratoire. L\u2019\u00e9tablissement dispose \u00e9galement [&hellip;]","og_url":"https:\/\/isatis.asso.fr\/les-maisons-de-la-touche\/ehpad\/description\/","og_site_name":"Les Maisons de la Touche","article_modified_time":"2020-07-10T13:42:25+00:00","og_image":[{"url":"https:\/\/isatis.asso.fr\/les-maisons-de-la-touche\/wp-content\/uploads\/sites\/22\/2019\/10\/la-touche-lieu-1024x767.jpg","type":"","width":"","height":""}],"twitter_card":"summary_large_image","twitter_misc":{"Dur\u00e9e de lecture estim\u00e9e":"1 minute"},"schema":{"@context":"https:\/\/schema.org","@graph":[{"@type":"WebPage","@id":"https:\/\/isatis.asso.fr\/les-maisons-de-la-touche\/ehpad\/description\/","url":"https:\/\/isatis.asso.fr\/les-maisons-de-la-touche\/ehpad\/description\/","name":"Description - Les Maisons de la Touche","isPartOf":{"@id":"https:\/\/isatis.asso.fr\/les-maisons-de-la-touche\/#website"},"primaryImageOfPage":{"@id":"https:\/\/isatis.asso.fr\/les-maisons-de-la-touche\/ehpad\/description\/#primaryimage"},"image":{"@id":"https:\/\/isatis.asso.fr\/les-maisons-de-la-touche\/ehpad\/description\/#primaryimage"},"thumbnailUrl":"https:\/\/isatis.asso.fr\/les-maisons-de-la-touche\/wp-content\/uploads\/sites\/22\/2019\/10\/la-touche-lieu-1024x767.jpg","datePublished":"2019-06-25T12:34:14+00:00","dateModified":"2020-07-10T13:42:25+00:00","breadcrumb":{"@id":"https:\/\/isatis.asso.fr\/les-maisons-de-la-touche\/ehpad\/description\/#breadcrumb"},"inLanguage":"fr-FR","potentialAction":[{"@type":"ReadAction","target":["https:\/\/isatis.asso.fr\/les-maisons-de-la-touche\/ehpad\/description\/"]}]},{"@type":"ImageObject","inLanguage":"fr-FR","@id":"https:\/\/isatis.asso.fr\/les-maisons-de-la-touche\/ehpad\/description\/#primaryimage","url":"https:\/\/isatis.asso.fr\/les-maisons-de-la-touche\/wp-content\/uploads\/sites\/22\/2019\/10\/la-touche-lieu.jpg","contentUrl":"https:\/\/isatis.asso.fr\/les-maisons-de-la-touche\/wp-content\/uploads\/sites\/22\/2019\/10\/la-touche-lieu.jpg","width":1500,"height":1124},{"@type":"BreadcrumbList","@id":"https:\/\/isatis.asso.fr\/les-maisons-de-la-touche\/ehpad\/description\/#breadcrumb","itemListElement":[{"@type":"ListItem","position":1,"name":"Accueil","item":"https:\/\/isatis.asso.fr\/les-maisons-de-la-touche\/"},{"@type":"ListItem","position":2,"name":"Pr\u00e9sentation","item":"https:\/\/isatis.asso.fr\/les-maisons-de-la-touche\/"},{"@type":"ListItem","position":3,"name":"Description"}]},{"@type":"WebSite","@id":"https:\/\/isatis.asso.fr\/les-maisons-de-la-touche\/#website","url":"https:\/\/isatis.asso.fr\/les-maisons-de-la-touche\/","name":"Les Maisons de la Touche","description":"EHPAD - H\u00c9BERGEMENT TEMPORAIRE - PASA","potentialAction":[{"@type":"SearchAction","target":{"@type":"EntryPoint","urlTemplate":"https:\/\/isatis.asso.fr\/les-maisons-de-la-touche\/?s={search_term_string}"},"query-input":{"@type":"PropertyValueSpecification","valueRequired":true,"valueName":"search_term_string"}}],"inLanguage":"fr-FR"}]}},"_links":{"self":[{"href":"https:\/\/isatis.asso.fr\/les-maisons-de-la-touche\/wp-json\/wp\/v2\/pages\/5","targetHints":{"allow":["GET"]}}],"collection":[{"href":"https:\/\/isatis.asso.fr\/les-maisons-de-la-touche\/wp-json\/wp\/v2\/pages"}],"about":[{"href":"https:\/\/isatis.asso.fr\/les-maisons-de-la-touche\/wp-json\/wp\/v2\/types\/page"}],"author":[{"embeddable":true,"href":"https:\/\/isatis.asso.fr\/les-maisons-de-la-touche\/wp-json\/wp\/v2\/users\/1"}],"replies":[{"embeddable":true,"href":"https:\/\/isatis.asso.fr\/les-maisons-de-la-touche\/wp-json\/wp\/v2\/comments?post=5"}],"version-history":[{"count":7,"href":"https:\/\/isatis.asso.fr\/les-maisons-de-la-touche\/wp-json\/wp\/v2\/pages\/5\/revisions"}],"predecessor-version":[{"id":192,"href":"https:\/\/isatis.asso.fr\/les-maisons-de-la-touche\/wp-json\/wp\/v2\/pages\/5\/revisions\/192"}],"up":[{"embeddable":true,"href":"https:\/\/isatis.asso.fr\/les-maisons-de-la-touche\/wp-json\/wp\/v2\/pages\/2"}],"wp:attachment":[{"href":"https:\/\/isatis.asso.fr\/les-maisons-de-la-touche\/wp-json\/wp\/v2\/media?parent=5"}],"curies":[{"name":"wp","href":"https:\/\/api.w.org\/{rel}","templated":true}]}}