{"id":5,"date":"2019-06-25T14:34:14","date_gmt":"2019-06-25T12:34:14","guid":{"rendered":"https:\/\/isatis.asso.fr\/nouvelle-maison\/?page_id=5"},"modified":"2019-12-03T15:41:00","modified_gmt":"2019-12-03T14:41:00","slug":"description","status":"publish","type":"page","link":"https:\/\/isatis.asso.fr\/la-nouvelle-maison\/ehpad\/description\/","title":{"rendered":"Description"},"content":{"rendered":"\n<h2 class=\"wp-block-heading\">Le lieu de vie <\/h2>\n\n\n\n<div class=\"wp-block-columns is-layout-flex wp-container-core-columns-is-layout-9d6595d7 wp-block-columns-is-layout-flex\">\n<div class=\"wp-block-column is-layout-flow wp-block-column-is-layout-flow\" style=\"flex-basis:66.66%\">\n<figure class=\"wp-block-image size-large\"><img loading=\"lazy\" decoding=\"async\" width=\"1024\" height=\"801\" src=\"https:\/\/isatis.asso.fr\/la-nouvelle-maison\/wp-content\/uploads\/sites\/17\/2019\/10\/la-nouvelle-maison-lieu-1024x801.jpg\" alt=\"Lieu\" class=\"wp-image-79\" srcset=\"https:\/\/isatis.asso.fr\/la-nouvelle-maison\/wp-content\/uploads\/sites\/17\/2019\/10\/la-nouvelle-maison-lieu-1024x801.jpg 1024w, https:\/\/isatis.asso.fr\/la-nouvelle-maison\/wp-content\/uploads\/sites\/17\/2019\/10\/la-nouvelle-maison-lieu-300x235.jpg 300w, https:\/\/isatis.asso.fr\/la-nouvelle-maison\/wp-content\/uploads\/sites\/17\/2019\/10\/la-nouvelle-maison-lieu-768x601.jpg 768w, https:\/\/isatis.asso.fr\/la-nouvelle-maison\/wp-content\/uploads\/sites\/17\/2019\/10\/la-nouvelle-maison-lieu-1278x1000.jpg 1278w, https:\/\/isatis.asso.fr\/la-nouvelle-maison\/wp-content\/uploads\/sites\/17\/2019\/10\/la-nouvelle-maison-lieu.jpg 1500w\" sizes=\"auto, (max-width: 1024px) 100vw, 1024px\" \/><\/figure>\n<\/div>\n\n\n\n<div class=\"wp-block-column is-layout-flow wp-block-column-is-layout-flow\" style=\"flex-basis:33.33%\">\n<p>Chaque chambre est individuelle et \u00e9quip\u00e9e (mobiliers, prise TV et t\u00e9l\u00e9phone, syst\u00e8me d\u2019appel malade\u2026) et compos\u00e9e d\u2019une salle de bain privative. Les r\u00e9sidents peuvent personnaliser leur espace.<\/p>\n\n\n\n<p>Les r\u00e9sidents se retrouvent au sein de lieux de vie collectifs&nbsp;: restaurant, salle d\u2019activit\u00e9, espace bien-\u00eatre\u2026<\/p>\n<\/div>\n<\/div>\n\n\n\n<h2 class=\"wp-block-heading\">L\u2019accompagnement <\/h2>\n\n\n\n<div class=\"wp-block-columns is-layout-flex wp-container-core-columns-is-layout-9d6595d7 wp-block-columns-is-layout-flex\">\n<div class=\"wp-block-column is-layout-flow wp-block-column-is-layout-flow\" style=\"flex-basis:66.66%\">\n<figure class=\"wp-block-image size-large\"><img loading=\"lazy\" decoding=\"async\" width=\"1024\" height=\"768\" src=\"https:\/\/isatis.asso.fr\/la-nouvelle-maison\/wp-content\/uploads\/sites\/17\/2019\/10\/la-nouvelle-maison-anim-1024x768.jpg\" alt=\"\" class=\"wp-image-78\" srcset=\"https:\/\/isatis.asso.fr\/la-nouvelle-maison\/wp-content\/uploads\/sites\/17\/2019\/10\/la-nouvelle-maison-anim-1024x768.jpg 1024w, https:\/\/isatis.asso.fr\/la-nouvelle-maison\/wp-content\/uploads\/sites\/17\/2019\/10\/la-nouvelle-maison-anim-300x225.jpg 300w, https:\/\/isatis.asso.fr\/la-nouvelle-maison\/wp-content\/uploads\/sites\/17\/2019\/10\/la-nouvelle-maison-anim-768x576.jpg 768w, https:\/\/isatis.asso.fr\/la-nouvelle-maison\/wp-content\/uploads\/sites\/17\/2019\/10\/la-nouvelle-maison-anim-1333x1000.jpg 1333w, https:\/\/isatis.asso.fr\/la-nouvelle-maison\/wp-content\/uploads\/sites\/17\/2019\/10\/la-nouvelle-maison-anim.jpg 1500w\" sizes=\"auto, (max-width: 1024px) 100vw, 1024px\" \/><\/figure>\n<\/div>\n\n\n\n<div class=\"wp-block-column is-layout-flow wp-block-column-is-layout-flow\" style=\"flex-basis:33.33%\">\n<p>La Petite Unit\u00e9 de Vie offre un mode de vie familial \u00e0 toutes les personnes \u00e2g\u00e9es. Un projet d\u2019accompagnement est construit en accord avec la personne accueillie et ses proches, respectant les habitudes et les rythmes de vie.<\/p>\n\n\n\n<p>Les membres de l\u2019\u00e9quipe peuvent accompagner les r\u00e9sidents \u00e0 leur demande pour leurs besoins personnels.<\/p>\n<\/div>\n<\/div>\n\n\n\n<h2 class=\"wp-block-heading\">Les soins<\/h2>\n\n\n\n<p>Les soins sont assur\u00e9s par des services ext\u00e9rieurs\u00a0: Service de Soins Infirmiers A Domicile, infirmiers lib\u00e9raux, m\u00e9decins de ville, p\u00e9dicures, kin\u00e9sith\u00e9rapeutes\u2026  <\/p>\n\n\n\n<div style=\"height:50px\" aria-hidden=\"true\" class=\"wp-block-spacer\"><\/div>\n\n\n\n<h2 class=\"wp-block-heading\">L\u2019animation <\/h2>\n\n\n\n<div class=\"wp-block-columns is-layout-flex wp-container-core-columns-is-layout-9d6595d7 wp-block-columns-is-layout-flex\">\n<div class=\"wp-block-column is-layout-flow wp-block-column-is-layout-flow\" style=\"flex-basis:66.66%\">\n<figure class=\"wp-block-image size-large\"><img loading=\"lazy\" decoding=\"async\" width=\"1024\" height=\"769\" src=\"https:\/\/isatis.asso.fr\/la-nouvelle-maison\/wp-content\/uploads\/sites\/17\/2019\/11\/38c1530aaab5fe5bf04f2986afbbd76c7bfb2b70-1024x769.jpg\" alt=\"\" class=\"wp-image-113\" srcset=\"https:\/\/isatis.asso.fr\/la-nouvelle-maison\/wp-content\/uploads\/sites\/17\/2019\/11\/38c1530aaab5fe5bf04f2986afbbd76c7bfb2b70-1024x769.jpg 1024w, https:\/\/isatis.asso.fr\/la-nouvelle-maison\/wp-content\/uploads\/sites\/17\/2019\/11\/38c1530aaab5fe5bf04f2986afbbd76c7bfb2b70-300x225.jpg 300w, https:\/\/isatis.asso.fr\/la-nouvelle-maison\/wp-content\/uploads\/sites\/17\/2019\/11\/38c1530aaab5fe5bf04f2986afbbd76c7bfb2b70-768x577.jpg 768w, https:\/\/isatis.asso.fr\/la-nouvelle-maison\/wp-content\/uploads\/sites\/17\/2019\/11\/38c1530aaab5fe5bf04f2986afbbd76c7bfb2b70.jpg 1200w\" sizes=\"auto, (max-width: 1024px) 100vw, 1024px\" \/><\/figure>\n<\/div>\n\n\n\n<div class=\"wp-block-column is-layout-flow wp-block-column-is-layout-flow\" style=\"flex-basis:33.33%\">\n<p>La Nouvelle Maison organise des moments de convivialit\u00e9 et de divertissement&nbsp;: activit\u00e9s artistiques, chorale, jeux de soci\u00e9t\u00e9, gym douce, revue de presse, sorties\u2026 Ces activit\u00e9s favorisent le lien social et amical entre r\u00e9sidents, avec les partenaires ou les \u00e9quipes.<\/p>\n\n\n\n<p>La Nouvelle Maison travaille \u00e9galement avec de nombreux partenaires\u00a0: associations pour seniors, b\u00e9n\u00e9voles participant aux animations &#8230;<\/p>\n<\/div>\n<\/div>\n","protected":false},"excerpt":{"rendered":"<p>Le lieu de vie Chaque chambre est individuelle et \u00e9quip\u00e9e (mobiliers, prise TV et t\u00e9l\u00e9phone, syst\u00e8me d\u2019appel malade\u2026) et compos\u00e9e d\u2019une salle de bain privative. Les r\u00e9sidents peuvent personnaliser leur espace. Les r\u00e9sidents se retrouvent au sein de lieux de vie collectifs&nbsp;: restaurant, salle d\u2019activit\u00e9, espace bien-\u00eatre\u2026 L\u2019accompagnement La Petite Unit\u00e9 de Vie offre un [&hellip;]<\/p>\n","protected":false},"author":1,"featured_media":0,"parent":2,"menu_order":2,"comment_status":"closed","ping_status":"closed","template":"","meta":{"_acf_changed":false,"footnotes":""},"class_list":["post-5","page","type-page","status-publish","hentry"],"acf":[],"yoast_head":"<!-- This site is optimized with the Yoast SEO plugin v27.3 - https:\/\/yoast.com\/product\/yoast-seo-wordpress\/ -->\n<title>Description - La Nouvelle Maison<\/title>\n<meta name=\"robots\" content=\"index, follow, max-snippet:-1, max-image-preview:large, max-video-preview:-1\" \/>\n<link rel=\"canonical\" href=\"https:\/\/isatis.asso.fr\/la-nouvelle-maison\/ehpad\/description\/\" \/>\n<meta property=\"og:locale\" content=\"fr_FR\" \/>\n<meta property=\"og:type\" content=\"article\" \/>\n<meta property=\"og:title\" content=\"Description - La Nouvelle Maison\" \/>\n<meta property=\"og:description\" content=\"Le lieu de vie Chaque chambre est individuelle et \u00e9quip\u00e9e (mobiliers, prise TV et t\u00e9l\u00e9phone, syst\u00e8me d\u2019appel malade\u2026) et compos\u00e9e d\u2019une salle de bain privative. Les r\u00e9sidents peuvent personnaliser leur espace. Les r\u00e9sidents se retrouvent au sein de lieux de vie collectifs&nbsp;: restaurant, salle d\u2019activit\u00e9, espace bien-\u00eatre\u2026 L\u2019accompagnement La Petite Unit\u00e9 de Vie offre un [&hellip;]\" \/>\n<meta property=\"og:url\" content=\"https:\/\/isatis.asso.fr\/la-nouvelle-maison\/ehpad\/description\/\" \/>\n<meta property=\"og:site_name\" content=\"La Nouvelle Maison\" \/>\n<meta property=\"article:modified_time\" content=\"2019-12-03T14:41:00+00:00\" \/>\n<meta property=\"og:image\" content=\"https:\/\/isatis.asso.fr\/la-nouvelle-maison\/wp-content\/uploads\/sites\/17\/2019\/10\/la-nouvelle-maison-lieu-1024x801.jpg\" \/>\n<meta name=\"twitter:card\" content=\"summary_large_image\" \/>\n<meta name=\"twitter:label1\" content=\"Dur\u00e9e de lecture estim\u00e9e\" \/>\n\t<meta name=\"twitter:data1\" content=\"1 minute\" \/>\n<script type=\"application\/ld+json\" class=\"yoast-schema-graph\">{\"@context\":\"https:\\\/\\\/schema.org\",\"@graph\":[{\"@type\":\"WebPage\",\"@id\":\"https:\\\/\\\/isatis.asso.fr\\\/la-nouvelle-maison\\\/ehpad\\\/description\\\/\",\"url\":\"https:\\\/\\\/isatis.asso.fr\\\/la-nouvelle-maison\\\/ehpad\\\/description\\\/\",\"name\":\"Description - La Nouvelle Maison\",\"isPartOf\":{\"@id\":\"https:\\\/\\\/isatis.asso.fr\\\/la-nouvelle-maison\\\/#website\"},\"primaryImageOfPage\":{\"@id\":\"https:\\\/\\\/isatis.asso.fr\\\/la-nouvelle-maison\\\/ehpad\\\/description\\\/#primaryimage\"},\"image\":{\"@id\":\"https:\\\/\\\/isatis.asso.fr\\\/la-nouvelle-maison\\\/ehpad\\\/description\\\/#primaryimage\"},\"thumbnailUrl\":\"https:\\\/\\\/isatis.asso.fr\\\/la-nouvelle-maison\\\/wp-content\\\/uploads\\\/sites\\\/17\\\/2019\\\/10\\\/la-nouvelle-maison-lieu-1024x801.jpg\",\"datePublished\":\"2019-06-25T12:34:14+00:00\",\"dateModified\":\"2019-12-03T14:41:00+00:00\",\"breadcrumb\":{\"@id\":\"https:\\\/\\\/isatis.asso.fr\\\/la-nouvelle-maison\\\/ehpad\\\/description\\\/#breadcrumb\"},\"inLanguage\":\"fr-FR\",\"potentialAction\":[{\"@type\":\"ReadAction\",\"target\":[\"https:\\\/\\\/isatis.asso.fr\\\/la-nouvelle-maison\\\/ehpad\\\/description\\\/\"]}]},{\"@type\":\"ImageObject\",\"inLanguage\":\"fr-FR\",\"@id\":\"https:\\\/\\\/isatis.asso.fr\\\/la-nouvelle-maison\\\/ehpad\\\/description\\\/#primaryimage\",\"url\":\"https:\\\/\\\/isatis.asso.fr\\\/la-nouvelle-maison\\\/wp-content\\\/uploads\\\/sites\\\/17\\\/2019\\\/10\\\/la-nouvelle-maison-lieu.jpg\",\"contentUrl\":\"https:\\\/\\\/isatis.asso.fr\\\/la-nouvelle-maison\\\/wp-content\\\/uploads\\\/sites\\\/17\\\/2019\\\/10\\\/la-nouvelle-maison-lieu.jpg\",\"width\":1500,\"height\":1174,\"caption\":\"Lieu\"},{\"@type\":\"BreadcrumbList\",\"@id\":\"https:\\\/\\\/isatis.asso.fr\\\/la-nouvelle-maison\\\/ehpad\\\/description\\\/#breadcrumb\",\"itemListElement\":[{\"@type\":\"ListItem\",\"position\":1,\"name\":\"Accueil\",\"item\":\"https:\\\/\\\/isatis.asso.fr\\\/la-nouvelle-maison\\\/\"},{\"@type\":\"ListItem\",\"position\":2,\"name\":\"Pr\u00e9sentation\",\"item\":\"https:\\\/\\\/isatis.asso.fr\\\/la-nouvelle-maison\\\/\"},{\"@type\":\"ListItem\",\"position\":3,\"name\":\"Description\"}]},{\"@type\":\"WebSite\",\"@id\":\"https:\\\/\\\/isatis.asso.fr\\\/la-nouvelle-maison\\\/#website\",\"url\":\"https:\\\/\\\/isatis.asso.fr\\\/la-nouvelle-maison\\\/\",\"name\":\"La Nouvelle Maison\",\"description\":\"PETITE UNIT\u00c9 DE VIE\",\"potentialAction\":[{\"@type\":\"SearchAction\",\"target\":{\"@type\":\"EntryPoint\",\"urlTemplate\":\"https:\\\/\\\/isatis.asso.fr\\\/la-nouvelle-maison\\\/?s={search_term_string}\"},\"query-input\":{\"@type\":\"PropertyValueSpecification\",\"valueRequired\":true,\"valueName\":\"search_term_string\"}}],\"inLanguage\":\"fr-FR\"}]}<\/script>\n<!-- \/ Yoast SEO plugin. -->","yoast_head_json":{"title":"Description - La Nouvelle Maison","robots":{"index":"index","follow":"follow","max-snippet":"max-snippet:-1","max-image-preview":"max-image-preview:large","max-video-preview":"max-video-preview:-1"},"canonical":"https:\/\/isatis.asso.fr\/la-nouvelle-maison\/ehpad\/description\/","og_locale":"fr_FR","og_type":"article","og_title":"Description - La Nouvelle Maison","og_description":"Le lieu de vie Chaque chambre est individuelle et \u00e9quip\u00e9e (mobiliers, prise TV et t\u00e9l\u00e9phone, syst\u00e8me d\u2019appel malade\u2026) et compos\u00e9e d\u2019une salle de bain privative. Les r\u00e9sidents peuvent personnaliser leur espace. Les r\u00e9sidents se retrouvent au sein de lieux de vie collectifs&nbsp;: restaurant, salle d\u2019activit\u00e9, espace bien-\u00eatre\u2026 L\u2019accompagnement La Petite Unit\u00e9 de Vie offre un [&hellip;]","og_url":"https:\/\/isatis.asso.fr\/la-nouvelle-maison\/ehpad\/description\/","og_site_name":"La Nouvelle Maison","article_modified_time":"2019-12-03T14:41:00+00:00","og_image":[{"url":"https:\/\/isatis.asso.fr\/la-nouvelle-maison\/wp-content\/uploads\/sites\/17\/2019\/10\/la-nouvelle-maison-lieu-1024x801.jpg","type":"","width":"","height":""}],"twitter_card":"summary_large_image","twitter_misc":{"Dur\u00e9e de lecture estim\u00e9e":"1 minute"},"schema":{"@context":"https:\/\/schema.org","@graph":[{"@type":"WebPage","@id":"https:\/\/isatis.asso.fr\/la-nouvelle-maison\/ehpad\/description\/","url":"https:\/\/isatis.asso.fr\/la-nouvelle-maison\/ehpad\/description\/","name":"Description - La Nouvelle Maison","isPartOf":{"@id":"https:\/\/isatis.asso.fr\/la-nouvelle-maison\/#website"},"primaryImageOfPage":{"@id":"https:\/\/isatis.asso.fr\/la-nouvelle-maison\/ehpad\/description\/#primaryimage"},"image":{"@id":"https:\/\/isatis.asso.fr\/la-nouvelle-maison\/ehpad\/description\/#primaryimage"},"thumbnailUrl":"https:\/\/isatis.asso.fr\/la-nouvelle-maison\/wp-content\/uploads\/sites\/17\/2019\/10\/la-nouvelle-maison-lieu-1024x801.jpg","datePublished":"2019-06-25T12:34:14+00:00","dateModified":"2019-12-03T14:41:00+00:00","breadcrumb":{"@id":"https:\/\/isatis.asso.fr\/la-nouvelle-maison\/ehpad\/description\/#breadcrumb"},"inLanguage":"fr-FR","potentialAction":[{"@type":"ReadAction","target":["https:\/\/isatis.asso.fr\/la-nouvelle-maison\/ehpad\/description\/"]}]},{"@type":"ImageObject","inLanguage":"fr-FR","@id":"https:\/\/isatis.asso.fr\/la-nouvelle-maison\/ehpad\/description\/#primaryimage","url":"https:\/\/isatis.asso.fr\/la-nouvelle-maison\/wp-content\/uploads\/sites\/17\/2019\/10\/la-nouvelle-maison-lieu.jpg","contentUrl":"https:\/\/isatis.asso.fr\/la-nouvelle-maison\/wp-content\/uploads\/sites\/17\/2019\/10\/la-nouvelle-maison-lieu.jpg","width":1500,"height":1174,"caption":"Lieu"},{"@type":"BreadcrumbList","@id":"https:\/\/isatis.asso.fr\/la-nouvelle-maison\/ehpad\/description\/#breadcrumb","itemListElement":[{"@type":"ListItem","position":1,"name":"Accueil","item":"https:\/\/isatis.asso.fr\/la-nouvelle-maison\/"},{"@type":"ListItem","position":2,"name":"Pr\u00e9sentation","item":"https:\/\/isatis.asso.fr\/la-nouvelle-maison\/"},{"@type":"ListItem","position":3,"name":"Description"}]},{"@type":"WebSite","@id":"https:\/\/isatis.asso.fr\/la-nouvelle-maison\/#website","url":"https:\/\/isatis.asso.fr\/la-nouvelle-maison\/","name":"La Nouvelle Maison","description":"PETITE UNIT\u00c9 DE VIE","potentialAction":[{"@type":"SearchAction","target":{"@type":"EntryPoint","urlTemplate":"https:\/\/isatis.asso.fr\/la-nouvelle-maison\/?s={search_term_string}"},"query-input":{"@type":"PropertyValueSpecification","valueRequired":true,"valueName":"search_term_string"}}],"inLanguage":"fr-FR"}]}},"_links":{"self":[{"href":"https:\/\/isatis.asso.fr\/la-nouvelle-maison\/wp-json\/wp\/v2\/pages\/5","targetHints":{"allow":["GET"]}}],"collection":[{"href":"https:\/\/isatis.asso.fr\/la-nouvelle-maison\/wp-json\/wp\/v2\/pages"}],"about":[{"href":"https:\/\/isatis.asso.fr\/la-nouvelle-maison\/wp-json\/wp\/v2\/types\/page"}],"author":[{"embeddable":true,"href":"https:\/\/isatis.asso.fr\/la-nouvelle-maison\/wp-json\/wp\/v2\/users\/1"}],"replies":[{"embeddable":true,"href":"https:\/\/isatis.asso.fr\/la-nouvelle-maison\/wp-json\/wp\/v2\/comments?post=5"}],"version-history":[{"count":5,"href":"https:\/\/isatis.asso.fr\/la-nouvelle-maison\/wp-json\/wp\/v2\/pages\/5\/revisions"}],"predecessor-version":[{"id":126,"href":"https:\/\/isatis.asso.fr\/la-nouvelle-maison\/wp-json\/wp\/v2\/pages\/5\/revisions\/126"}],"up":[{"embeddable":true,"href":"https:\/\/isatis.asso.fr\/la-nouvelle-maison\/wp-json\/wp\/v2\/pages\/2"}],"wp:attachment":[{"href":"https:\/\/isatis.asso.fr\/la-nouvelle-maison\/wp-json\/wp\/v2\/media?parent=5"}],"curies":[{"name":"wp","href":"https:\/\/api.w.org\/{rel}","templated":true}]}}