{"id":5,"date":"2019-06-25T14:34:14","date_gmt":"2019-06-25T12:34:14","guid":{"rendered":"https:\/\/isatis.asso.fr\/maison-de-la-bievre\/?page_id=5"},"modified":"2022-09-28T10:57:43","modified_gmt":"2022-09-28T08:57:43","slug":"description","status":"publish","type":"page","link":"https:\/\/isatis.asso.fr\/la-maison-de-la-bievre\/ehpad\/description\/","title":{"rendered":"Description"},"content":{"rendered":"\n<h2 class=\"wp-block-heading\">Le lieu de vie <\/h2>\n\n\n\n<div class=\"wp-block-columns is-layout-flex wp-container-core-columns-is-layout-9d6595d7 wp-block-columns-is-layout-flex\">\n<div class=\"wp-block-column is-layout-flow wp-block-column-is-layout-flow\" style=\"flex-basis:66.66%\">\n<figure class=\"wp-block-image size-large\"><img loading=\"lazy\" decoding=\"async\" width=\"1024\" height=\"768\" src=\"https:\/\/isatis.asso.fr\/la-maison-de-la-bievre\/wp-content\/uploads\/sites\/14\/2020\/04\/cimg2757-1024x768.jpg\" alt=\"\" class=\"wp-image-171\" srcset=\"https:\/\/isatis.asso.fr\/la-maison-de-la-bievre\/wp-content\/uploads\/sites\/14\/2020\/04\/cimg2757-1024x768.jpg 1024w, https:\/\/isatis.asso.fr\/la-maison-de-la-bievre\/wp-content\/uploads\/sites\/14\/2020\/04\/cimg2757-300x225.jpg 300w, https:\/\/isatis.asso.fr\/la-maison-de-la-bievre\/wp-content\/uploads\/sites\/14\/2020\/04\/cimg2757-768x576.jpg 768w, https:\/\/isatis.asso.fr\/la-maison-de-la-bievre\/wp-content\/uploads\/sites\/14\/2020\/04\/cimg2757-1536x1152.jpg 1536w, https:\/\/isatis.asso.fr\/la-maison-de-la-bievre\/wp-content\/uploads\/sites\/14\/2020\/04\/cimg2757-2048x1536.jpg 2048w, https:\/\/isatis.asso.fr\/la-maison-de-la-bievre\/wp-content\/uploads\/sites\/14\/2020\/04\/cimg2757-1333x1000.jpg 1333w\" sizes=\"auto, (max-width: 1024px) 100vw, 1024px\" \/><\/figure>\n\n\n\n<figure class=\"wp-block-image size-large is-resized\"><img loading=\"lazy\" decoding=\"async\" src=\"https:\/\/isatis.asso.fr\/la-maison-de-la-bievre\/wp-content\/uploads\/sites\/14\/2019\/10\/la-bievre-lieu-1024x768.jpg\" alt=\"\" class=\"wp-image-80\" width=\"451\" height=\"338\" srcset=\"https:\/\/isatis.asso.fr\/la-maison-de-la-bievre\/wp-content\/uploads\/sites\/14\/2019\/10\/la-bievre-lieu-1024x768.jpg 1024w, https:\/\/isatis.asso.fr\/la-maison-de-la-bievre\/wp-content\/uploads\/sites\/14\/2019\/10\/la-bievre-lieu-300x225.jpg 300w, https:\/\/isatis.asso.fr\/la-maison-de-la-bievre\/wp-content\/uploads\/sites\/14\/2019\/10\/la-bievre-lieu-768x576.jpg 768w, https:\/\/isatis.asso.fr\/la-maison-de-la-bievre\/wp-content\/uploads\/sites\/14\/2019\/10\/la-bievre-lieu-1333x1000.jpg 1333w, https:\/\/isatis.asso.fr\/la-maison-de-la-bievre\/wp-content\/uploads\/sites\/14\/2019\/10\/la-bievre-lieu.jpg 1500w\" sizes=\"auto, (max-width: 451px) 100vw, 451px\" \/><\/figure>\n<\/div>\n\n\n\n<div class=\"wp-block-column is-layout-flow wp-block-column-is-layout-flow\" style=\"flex-basis:33.33%\">\n<p>Les chambres claires et spacieuses d\u2019une superficie de 20m2 ont \u00e9t\u00e9 con\u00e7ues afin de pouvoir accueillir des personnes \u00e0 mobilit\u00e9 r\u00e9duite. Chaque chambre dispose d\u2019un mobilier qui peut \u00eatre personnalis\u00e9 selon votre gout (petit mobilier, tableaux\u2026). Vous pouvez recevoir votre famille et vos amis dans votre chambre ou dans les salons d\u2019\u00e9tage.<\/p>\n<\/div>\n<\/div>\n\n\n\n<h2 class=\"wp-block-heading\">L\u2019accompagnement <\/h2>\n\n\n\n<div class=\"wp-block-columns is-layout-flex wp-container-core-columns-is-layout-9d6595d7 wp-block-columns-is-layout-flex\">\n<div class=\"wp-block-column is-layout-flow wp-block-column-is-layout-flow\" style=\"flex-basis:66.66%\"><div class=\"wp-block-image\">\n<figure class=\"alignleft size-large is-resized\"><img loading=\"lazy\" decoding=\"async\" src=\"https:\/\/isatis.asso.fr\/la-maison-de-la-bievre\/wp-content\/uploads\/sites\/14\/2020\/10\/img-20201029-wa0025-e1604065741519-768x1024.jpg\" alt=\"\" class=\"wp-image-214\" width=\"311\" height=\"414\" srcset=\"https:\/\/isatis.asso.fr\/la-maison-de-la-bievre\/wp-content\/uploads\/sites\/14\/2020\/10\/img-20201029-wa0025-e1604065741519-768x1024.jpg 768w, https:\/\/isatis.asso.fr\/la-maison-de-la-bievre\/wp-content\/uploads\/sites\/14\/2020\/10\/img-20201029-wa0025-e1604065741519-225x300.jpg 225w, https:\/\/isatis.asso.fr\/la-maison-de-la-bievre\/wp-content\/uploads\/sites\/14\/2020\/10\/img-20201029-wa0025-e1604065741519-1152x1536.jpg 1152w, https:\/\/isatis.asso.fr\/la-maison-de-la-bievre\/wp-content\/uploads\/sites\/14\/2020\/10\/img-20201029-wa0025-e1604065741519-750x1000.jpg 750w, https:\/\/isatis.asso.fr\/la-maison-de-la-bievre\/wp-content\/uploads\/sites\/14\/2020\/10\/img-20201029-wa0025-e1604065741519.jpg 1200w\" sizes=\"auto, (max-width: 311px) 100vw, 311px\" \/><\/figure>\n<\/div><\/div>\n\n\n\n<div class=\"wp-block-column is-layout-flow wp-block-column-is-layout-flow\" style=\"flex-basis:33.33%\">\n<p>D\u00e8s votre arriv\u00e9e, l\u2019\u00e9quipe est attentive au respect de vos habitudes de vie pour faciliter votre int\u00e9gration dans ce nouveau cadre de vie. Le projet d\u2019accompagnement est d\u00e9fini avec la personne accueillie et\/ou ses proches. Il organise l\u2019ensemble des prestations et interventions de la mani\u00e8re la plus adapt\u00e9e \u00e0 la personne, \u00e0 ses attentes et ses souhaits. <\/p>\n<\/div>\n<\/div>\n\n\n\n<h2 class=\"wp-block-heading\">Les soins <\/h2>\n\n\n\n<div class=\"wp-block-columns is-layout-flex wp-container-core-columns-is-layout-9d6595d7 wp-block-columns-is-layout-flex\">\n<div class=\"wp-block-column is-layout-flow wp-block-column-is-layout-flow\">\n<figure class=\"wp-block-image size-large is-resized\"><img loading=\"lazy\" decoding=\"async\" src=\"https:\/\/isatis.asso.fr\/la-maison-de-la-bievre\/wp-content\/uploads\/sites\/14\/2021\/01\/tango-768x1024.jpg\" alt=\"\" class=\"wp-image-327\" width=\"293\" height=\"392\" srcset=\"https:\/\/isatis.asso.fr\/la-maison-de-la-bievre\/wp-content\/uploads\/sites\/14\/2021\/01\/tango-768x1024.jpg 768w, https:\/\/isatis.asso.fr\/la-maison-de-la-bievre\/wp-content\/uploads\/sites\/14\/2021\/01\/tango-225x300.jpg 225w, https:\/\/isatis.asso.fr\/la-maison-de-la-bievre\/wp-content\/uploads\/sites\/14\/2021\/01\/tango-1152x1536.jpg 1152w, https:\/\/isatis.asso.fr\/la-maison-de-la-bievre\/wp-content\/uploads\/sites\/14\/2021\/01\/tango-750x1000.jpg 750w, https:\/\/isatis.asso.fr\/la-maison-de-la-bievre\/wp-content\/uploads\/sites\/14\/2021\/01\/tango.jpg 1224w\" sizes=\"auto, (max-width: 293px) 100vw, 293px\" \/><figcaption>Pratique du tango, th\u00e9rapie non m\u00e9dicamenteuse<\/figcaption><\/figure>\n<\/div>\n\n\n\n<div class=\"wp-block-column is-layout-flow wp-block-column-is-layout-flow\">\n<p>Notre \u00e9quipe de soin, encadr\u00e9e par le m\u00e9decin coordonnateur et le cadre infirmier, \u00e9tablit en collaboration avec votre m\u00e9decin traitant, votre projet de soin. L\u2019\u00e9quipe consacre ses efforts au suivi quotidien des r\u00e9sidents.<\/p>\n<\/div>\n<\/div>\n\n\n\n<h2 class=\"wp-block-heading\">Le PASA <\/h2>\n\n\n\n<div class=\"wp-block-columns is-layout-flex wp-container-core-columns-is-layout-9d6595d7 wp-block-columns-is-layout-flex\">\n<div class=\"wp-block-column is-layout-flow wp-block-column-is-layout-flow\" style=\"flex-basis:50%\">\n<figure class=\"wp-block-image size-large is-resized\"><img loading=\"lazy\" decoding=\"async\" src=\"https:\/\/isatis.asso.fr\/la-maison-de-la-bievre\/wp-content\/uploads\/sites\/14\/2021\/01\/pasa-atelier-dessinb-1024x768.jpg\" alt=\"\" class=\"wp-image-315\" width=\"428\" height=\"322\" srcset=\"https:\/\/isatis.asso.fr\/la-maison-de-la-bievre\/wp-content\/uploads\/sites\/14\/2021\/01\/pasa-atelier-dessinb-1024x768.jpg 1024w, https:\/\/isatis.asso.fr\/la-maison-de-la-bievre\/wp-content\/uploads\/sites\/14\/2021\/01\/pasa-atelier-dessinb-300x225.jpg 300w, https:\/\/isatis.asso.fr\/la-maison-de-la-bievre\/wp-content\/uploads\/sites\/14\/2021\/01\/pasa-atelier-dessinb-768x576.jpg 768w, https:\/\/isatis.asso.fr\/la-maison-de-la-bievre\/wp-content\/uploads\/sites\/14\/2021\/01\/pasa-atelier-dessinb-1536x1152.jpg 1536w, https:\/\/isatis.asso.fr\/la-maison-de-la-bievre\/wp-content\/uploads\/sites\/14\/2021\/01\/pasa-atelier-dessinb-1333x1000.jpg 1333w, https:\/\/isatis.asso.fr\/la-maison-de-la-bievre\/wp-content\/uploads\/sites\/14\/2021\/01\/pasa-atelier-dessinb.jpg 1632w\" sizes=\"auto, (max-width: 428px) 100vw, 428px\" \/><\/figure>\n<\/div>\n\n\n\n<div class=\"wp-block-column is-layout-flow wp-block-column-is-layout-flow\" style=\"flex-basis:50%\">\n<p>Un P\u00f4le d\u2019Activit\u00e9s et de Soins Adapt\u00e9s est ouvert depuis 2014. Il permet aux r\u00e9sidents pr\u00e9sentant une d\u00e9gradation cognitive de b\u00e9n\u00e9ficier d\u2019activit\u00e9s adapt\u00e9es \u00e0 leur \u00e9tat dans un lieu s\u00e9curis\u00e9 et apaisant.<\/p>\n<\/div>\n<\/div>\n\n\n\n<p><\/p>\n\n\n\n<h2 class=\"wp-block-heading\">L\u2019animation <\/h2>\n\n\n\n<div class=\"wp-block-columns is-layout-flex wp-container-core-columns-is-layout-9d6595d7 wp-block-columns-is-layout-flex\">\n<div class=\"wp-block-column is-layout-flow wp-block-column-is-layout-flow\" style=\"flex-basis:66.66%\">\n<figure class=\"wp-block-image size-large\"><img loading=\"lazy\" decoding=\"async\" width=\"1024\" height=\"768\" src=\"https:\/\/isatis.asso.fr\/la-maison-de-la-bievre\/wp-content\/uploads\/sites\/14\/2020\/10\/nos-dessinateurs-de-la-maison-de-la-bievre-1024x768.jpg\" alt=\"\" class=\"wp-image-209\" srcset=\"https:\/\/isatis.asso.fr\/la-maison-de-la-bievre\/wp-content\/uploads\/sites\/14\/2020\/10\/nos-dessinateurs-de-la-maison-de-la-bievre-1024x768.jpg 1024w, https:\/\/isatis.asso.fr\/la-maison-de-la-bievre\/wp-content\/uploads\/sites\/14\/2020\/10\/nos-dessinateurs-de-la-maison-de-la-bievre-300x225.jpg 300w, https:\/\/isatis.asso.fr\/la-maison-de-la-bievre\/wp-content\/uploads\/sites\/14\/2020\/10\/nos-dessinateurs-de-la-maison-de-la-bievre-768x576.jpg 768w, https:\/\/isatis.asso.fr\/la-maison-de-la-bievre\/wp-content\/uploads\/sites\/14\/2020\/10\/nos-dessinateurs-de-la-maison-de-la-bievre-1536x1152.jpg 1536w, https:\/\/isatis.asso.fr\/la-maison-de-la-bievre\/wp-content\/uploads\/sites\/14\/2020\/10\/nos-dessinateurs-de-la-maison-de-la-bievre-2048x1536.jpg 2048w, https:\/\/isatis.asso.fr\/la-maison-de-la-bievre\/wp-content\/uploads\/sites\/14\/2020\/10\/nos-dessinateurs-de-la-maison-de-la-bievre-1333x1000.jpg 1333w\" sizes=\"auto, (max-width: 1024px) 100vw, 1024px\" \/><\/figure>\n<\/div>\n\n\n\n<div class=\"wp-block-column is-layout-flow wp-block-column-is-layout-flow\" style=\"flex-basis:33.33%\">\n<p>Des animations suivies sont propos\u00e9es, elles ont pour but de procurer du plaisir et de la d\u00e9tente dans un espace qui souhaite \u00eatre le plus agr\u00e9able possible, mais aussi de stimuler les personnes, afin de maintenir les acquis aussi longtemps que possible. <\/p>\n<\/div>\n<\/div>\n","protected":false},"excerpt":{"rendered":"<p>Le lieu de vie Les chambres claires et spacieuses d\u2019une superficie de 20m2 ont \u00e9t\u00e9 con\u00e7ues afin de pouvoir accueillir des personnes \u00e0 mobilit\u00e9 r\u00e9duite. Chaque chambre dispose d\u2019un mobilier qui peut \u00eatre personnalis\u00e9 selon votre gout (petit mobilier, tableaux\u2026). Vous pouvez recevoir votre famille et vos amis dans votre chambre ou dans les salons [&hellip;]<\/p>\n","protected":false},"author":1,"featured_media":0,"parent":2,"menu_order":2,"comment_status":"closed","ping_status":"closed","template":"","meta":{"_acf_changed":false,"footnotes":""},"class_list":["post-5","page","type-page","status-publish","hentry"],"acf":[],"yoast_head":"<!-- This site is optimized with the Yoast SEO plugin v27.3 - https:\/\/yoast.com\/product\/yoast-seo-wordpress\/ -->\n<title>Description - La Maison de la Bi\u00e8vre<\/title>\n<meta name=\"robots\" content=\"index, follow, max-snippet:-1, max-image-preview:large, max-video-preview:-1\" \/>\n<link rel=\"canonical\" href=\"https:\/\/isatis.asso.fr\/la-maison-de-la-bievre\/ehpad\/description\/\" \/>\n<meta property=\"og:locale\" content=\"fr_FR\" \/>\n<meta property=\"og:type\" content=\"article\" \/>\n<meta property=\"og:title\" content=\"Description - La Maison de la Bi\u00e8vre\" \/>\n<meta property=\"og:description\" content=\"Le lieu de vie Les chambres claires et spacieuses d\u2019une superficie de 20m2 ont \u00e9t\u00e9 con\u00e7ues afin de pouvoir accueillir des personnes \u00e0 mobilit\u00e9 r\u00e9duite. Chaque chambre dispose d\u2019un mobilier qui peut \u00eatre personnalis\u00e9 selon votre gout (petit mobilier, tableaux\u2026). Vous pouvez recevoir votre famille et vos amis dans votre chambre ou dans les salons [&hellip;]\" \/>\n<meta property=\"og:url\" content=\"https:\/\/isatis.asso.fr\/la-maison-de-la-bievre\/ehpad\/description\/\" \/>\n<meta property=\"og:site_name\" content=\"La Maison de la Bi\u00e8vre\" \/>\n<meta property=\"article:modified_time\" content=\"2022-09-28T08:57:43+00:00\" \/>\n<meta property=\"og:image\" content=\"https:\/\/isatis.asso.fr\/la-maison-de-la-bievre\/wp-content\/uploads\/sites\/14\/2020\/04\/cimg2757-1024x768.jpg\" \/>\n<meta name=\"twitter:card\" content=\"summary_large_image\" \/>\n<meta name=\"twitter:label1\" content=\"Dur\u00e9e de lecture estim\u00e9e\" \/>\n\t<meta name=\"twitter:data1\" content=\"3 minutes\" \/>\n<script type=\"application\/ld+json\" class=\"yoast-schema-graph\">{\"@context\":\"https:\\\/\\\/schema.org\",\"@graph\":[{\"@type\":\"WebPage\",\"@id\":\"https:\\\/\\\/isatis.asso.fr\\\/la-maison-de-la-bievre\\\/ehpad\\\/description\\\/\",\"url\":\"https:\\\/\\\/isatis.asso.fr\\\/la-maison-de-la-bievre\\\/ehpad\\\/description\\\/\",\"name\":\"Description - La Maison de la Bi\u00e8vre\",\"isPartOf\":{\"@id\":\"https:\\\/\\\/isatis.asso.fr\\\/la-maison-de-la-bievre\\\/#website\"},\"primaryImageOfPage\":{\"@id\":\"https:\\\/\\\/isatis.asso.fr\\\/la-maison-de-la-bievre\\\/ehpad\\\/description\\\/#primaryimage\"},\"image\":{\"@id\":\"https:\\\/\\\/isatis.asso.fr\\\/la-maison-de-la-bievre\\\/ehpad\\\/description\\\/#primaryimage\"},\"thumbnailUrl\":\"https:\\\/\\\/isatis.asso.fr\\\/la-maison-de-la-bievre\\\/wp-content\\\/uploads\\\/sites\\\/14\\\/2020\\\/04\\\/cimg2757-1024x768.jpg\",\"datePublished\":\"2019-06-25T12:34:14+00:00\",\"dateModified\":\"2022-09-28T08:57:43+00:00\",\"breadcrumb\":{\"@id\":\"https:\\\/\\\/isatis.asso.fr\\\/la-maison-de-la-bievre\\\/ehpad\\\/description\\\/#breadcrumb\"},\"inLanguage\":\"fr-FR\",\"potentialAction\":[{\"@type\":\"ReadAction\",\"target\":[\"https:\\\/\\\/isatis.asso.fr\\\/la-maison-de-la-bievre\\\/ehpad\\\/description\\\/\"]}]},{\"@type\":\"ImageObject\",\"inLanguage\":\"fr-FR\",\"@id\":\"https:\\\/\\\/isatis.asso.fr\\\/la-maison-de-la-bievre\\\/ehpad\\\/description\\\/#primaryimage\",\"url\":\"https:\\\/\\\/isatis.asso.fr\\\/la-maison-de-la-bievre\\\/wp-content\\\/uploads\\\/sites\\\/14\\\/2020\\\/04\\\/cimg2757-1024x768.jpg\",\"contentUrl\":\"https:\\\/\\\/isatis.asso.fr\\\/la-maison-de-la-bievre\\\/wp-content\\\/uploads\\\/sites\\\/14\\\/2020\\\/04\\\/cimg2757-1024x768.jpg\"},{\"@type\":\"BreadcrumbList\",\"@id\":\"https:\\\/\\\/isatis.asso.fr\\\/la-maison-de-la-bievre\\\/ehpad\\\/description\\\/#breadcrumb\",\"itemListElement\":[{\"@type\":\"ListItem\",\"position\":1,\"name\":\"Accueil\",\"item\":\"https:\\\/\\\/isatis.asso.fr\\\/la-maison-de-la-bievre\\\/\"},{\"@type\":\"ListItem\",\"position\":2,\"name\":\"Pr\u00e9sentation\",\"item\":\"https:\\\/\\\/isatis.asso.fr\\\/la-maison-de-la-bievre\\\/\"},{\"@type\":\"ListItem\",\"position\":3,\"name\":\"Description\"}]},{\"@type\":\"WebSite\",\"@id\":\"https:\\\/\\\/isatis.asso.fr\\\/la-maison-de-la-bievre\\\/#website\",\"url\":\"https:\\\/\\\/isatis.asso.fr\\\/la-maison-de-la-bievre\\\/\",\"name\":\"La Maison de la Bi\u00e8vre\",\"description\":\"EHPAD - PASA\",\"potentialAction\":[{\"@type\":\"SearchAction\",\"target\":{\"@type\":\"EntryPoint\",\"urlTemplate\":\"https:\\\/\\\/isatis.asso.fr\\\/la-maison-de-la-bievre\\\/?s={search_term_string}\"},\"query-input\":{\"@type\":\"PropertyValueSpecification\",\"valueRequired\":true,\"valueName\":\"search_term_string\"}}],\"inLanguage\":\"fr-FR\"}]}<\/script>\n<!-- \/ Yoast SEO plugin. -->","yoast_head_json":{"title":"Description - La Maison de la Bi\u00e8vre","robots":{"index":"index","follow":"follow","max-snippet":"max-snippet:-1","max-image-preview":"max-image-preview:large","max-video-preview":"max-video-preview:-1"},"canonical":"https:\/\/isatis.asso.fr\/la-maison-de-la-bievre\/ehpad\/description\/","og_locale":"fr_FR","og_type":"article","og_title":"Description - La Maison de la Bi\u00e8vre","og_description":"Le lieu de vie Les chambres claires et spacieuses d\u2019une superficie de 20m2 ont \u00e9t\u00e9 con\u00e7ues afin de pouvoir accueillir des personnes \u00e0 mobilit\u00e9 r\u00e9duite. Chaque chambre dispose d\u2019un mobilier qui peut \u00eatre personnalis\u00e9 selon votre gout (petit mobilier, tableaux\u2026). Vous pouvez recevoir votre famille et vos amis dans votre chambre ou dans les salons [&hellip;]","og_url":"https:\/\/isatis.asso.fr\/la-maison-de-la-bievre\/ehpad\/description\/","og_site_name":"La Maison de la Bi\u00e8vre","article_modified_time":"2022-09-28T08:57:43+00:00","og_image":[{"url":"https:\/\/isatis.asso.fr\/la-maison-de-la-bievre\/wp-content\/uploads\/sites\/14\/2020\/04\/cimg2757-1024x768.jpg","type":"","width":"","height":""}],"twitter_card":"summary_large_image","twitter_misc":{"Dur\u00e9e de lecture estim\u00e9e":"3 minutes"},"schema":{"@context":"https:\/\/schema.org","@graph":[{"@type":"WebPage","@id":"https:\/\/isatis.asso.fr\/la-maison-de-la-bievre\/ehpad\/description\/","url":"https:\/\/isatis.asso.fr\/la-maison-de-la-bievre\/ehpad\/description\/","name":"Description - La Maison de la Bi\u00e8vre","isPartOf":{"@id":"https:\/\/isatis.asso.fr\/la-maison-de-la-bievre\/#website"},"primaryImageOfPage":{"@id":"https:\/\/isatis.asso.fr\/la-maison-de-la-bievre\/ehpad\/description\/#primaryimage"},"image":{"@id":"https:\/\/isatis.asso.fr\/la-maison-de-la-bievre\/ehpad\/description\/#primaryimage"},"thumbnailUrl":"https:\/\/isatis.asso.fr\/la-maison-de-la-bievre\/wp-content\/uploads\/sites\/14\/2020\/04\/cimg2757-1024x768.jpg","datePublished":"2019-06-25T12:34:14+00:00","dateModified":"2022-09-28T08:57:43+00:00","breadcrumb":{"@id":"https:\/\/isatis.asso.fr\/la-maison-de-la-bievre\/ehpad\/description\/#breadcrumb"},"inLanguage":"fr-FR","potentialAction":[{"@type":"ReadAction","target":["https:\/\/isatis.asso.fr\/la-maison-de-la-bievre\/ehpad\/description\/"]}]},{"@type":"ImageObject","inLanguage":"fr-FR","@id":"https:\/\/isatis.asso.fr\/la-maison-de-la-bievre\/ehpad\/description\/#primaryimage","url":"https:\/\/isatis.asso.fr\/la-maison-de-la-bievre\/wp-content\/uploads\/sites\/14\/2020\/04\/cimg2757-1024x768.jpg","contentUrl":"https:\/\/isatis.asso.fr\/la-maison-de-la-bievre\/wp-content\/uploads\/sites\/14\/2020\/04\/cimg2757-1024x768.jpg"},{"@type":"BreadcrumbList","@id":"https:\/\/isatis.asso.fr\/la-maison-de-la-bievre\/ehpad\/description\/#breadcrumb","itemListElement":[{"@type":"ListItem","position":1,"name":"Accueil","item":"https:\/\/isatis.asso.fr\/la-maison-de-la-bievre\/"},{"@type":"ListItem","position":2,"name":"Pr\u00e9sentation","item":"https:\/\/isatis.asso.fr\/la-maison-de-la-bievre\/"},{"@type":"ListItem","position":3,"name":"Description"}]},{"@type":"WebSite","@id":"https:\/\/isatis.asso.fr\/la-maison-de-la-bievre\/#website","url":"https:\/\/isatis.asso.fr\/la-maison-de-la-bievre\/","name":"La Maison de la Bi\u00e8vre","description":"EHPAD - PASA","potentialAction":[{"@type":"SearchAction","target":{"@type":"EntryPoint","urlTemplate":"https:\/\/isatis.asso.fr\/la-maison-de-la-bievre\/?s={search_term_string}"},"query-input":{"@type":"PropertyValueSpecification","valueRequired":true,"valueName":"search_term_string"}}],"inLanguage":"fr-FR"}]}},"_links":{"self":[{"href":"https:\/\/isatis.asso.fr\/la-maison-de-la-bievre\/wp-json\/wp\/v2\/pages\/5","targetHints":{"allow":["GET"]}}],"collection":[{"href":"https:\/\/isatis.asso.fr\/la-maison-de-la-bievre\/wp-json\/wp\/v2\/pages"}],"about":[{"href":"https:\/\/isatis.asso.fr\/la-maison-de-la-bievre\/wp-json\/wp\/v2\/types\/page"}],"author":[{"embeddable":true,"href":"https:\/\/isatis.asso.fr\/la-maison-de-la-bievre\/wp-json\/wp\/v2\/users\/1"}],"replies":[{"embeddable":true,"href":"https:\/\/isatis.asso.fr\/la-maison-de-la-bievre\/wp-json\/wp\/v2\/comments?post=5"}],"version-history":[{"count":19,"href":"https:\/\/isatis.asso.fr\/la-maison-de-la-bievre\/wp-json\/wp\/v2\/pages\/5\/revisions"}],"predecessor-version":[{"id":689,"href":"https:\/\/isatis.asso.fr\/la-maison-de-la-bievre\/wp-json\/wp\/v2\/pages\/5\/revisions\/689"}],"up":[{"embeddable":true,"href":"https:\/\/isatis.asso.fr\/la-maison-de-la-bievre\/wp-json\/wp\/v2\/pages\/2"}],"wp:attachment":[{"href":"https:\/\/isatis.asso.fr\/la-maison-de-la-bievre\/wp-json\/wp\/v2\/media?parent=5"}],"curies":[{"name":"wp","href":"https:\/\/api.w.org\/{rel}","templated":true}]}}